{"id":3333,"date":"2016-12-03T16:54:50","date_gmt":"2016-12-03T16:54:50","guid":{"rendered":"https:\/\/www.mpvc.pt\/fr\/mapa-do-site\/"},"modified":"2018-02-27T16:00:32","modified_gmt":"2018-02-27T16:00:32","slug":"mapa-do-site","status":"publish","type":"page","link":"https:\/\/www.mpvc.pt\/fr\/mapa-do-site\/","title":{"rendered":"MAPA DO SITE"},"content":{"rendered":"<div class=\"wsp-container\"><h2 class=\"wsp-pages-title\">Pages<\/h2>\n<ul class=\"wsp-pages-list\">\n<li class=\"page_item page-item-3626\"><a href=\"https:\/\/www.mpvc.pt\/fr\/devis\/\">DEVIS<\/a><\/li>\n<li class=\"page_item page-item-2822\"><a href=\"https:\/\/www.mpvc.pt\/fr\/\">HOME<\/a><\/li>\n<li class=\"page_item page-item-3005\"><a href=\"https:\/\/www.mpvc.pt\/fr\/recursos\/\">RECURSOS<\/a><\/li>\n<li class=\"page_item page-item-3006\"><a href=\"https:\/\/www.mpvc.pt\/fr\/mpvc-fenetres-pvc\/\">MPVC<\/a><\/li>\n<li class=\"page_item page-item-3035 page_item_has_children\"><a href=\"https:\/\/www.mpvc.pt\/fr\/fenetres-pvc\/\">FEN\u00caTRES PVC<\/a>\n<ul class='children'>\n\t<li class=\"page_item page-item-3070\"><a href=\"https:\/\/www.mpvc.pt\/fr\/fenetres-pvc\/fenetres-coulissantes-systeme-c70\/\">Fen\u00eatres Coulissantes &#8211; Syst\u00e8me C70<\/a><\/li>\n\t<li class=\"page_item page-item-3081\"><a href=\"https:\/\/www.mpvc.pt\/fr\/fenetres-pvc\/fenetres-coulissantes-de-levage-systeme-e170\/\">Fen\u00eatres Coulissantes de Levage &#8211; Syst\u00e8me E170<\/a><\/li>\n\t<li class=\"page_item page-item-3395\"><a href=\"https:\/\/www.mpvc.pt\/fr\/fenetres-pvc\/s8000\/\">S8000<\/a><\/li>\n\t<li class=\"page_item page-item-3455\"><a href=\"https:\/\/www.mpvc.pt\/fr\/fenetres-pvc\/sistema-batente-s9000\/\">Sistema Batente S9000<\/a><\/li>\n\t<li class=\"page_item page-item-3088\"><a href=\"https:\/\/www.mpvc.pt\/fr\/fenetres-pvc\/fenetre-levante-coulissant\/\">Syst\u00e8me Levant Coulissant<\/a><\/li>\n\t<li class=\"page_item page-item-3046\"><a href=\"https:\/\/www.mpvc.pt\/fr\/fenetres-pvc\/systeme-ouvrant-a-la-francaise-a70\/\">Syst\u00e8me Ouvrant \u00e0 la Fran\u00e7aise A70<\/a><\/li>\n<\/ul>\n<\/li>\n<li class=\"page_item page-item-3093 page_item_has_children\"><a href=\"https:\/\/www.mpvc.pt\/fr\/autres-produits\/\">AUTRES PRODUITS<\/a>\n<ul class='children'>\n\t<li class=\"page_item page-item-3133\"><a href=\"https:\/\/www.mpvc.pt\/fr\/autres-produits\/brises-soleils\/\">BRISES-SOLEILS<\/a><\/li>\n\t<li class=\"page_item page-item-3107\"><a href=\"https:\/\/www.mpvc.pt\/fr\/autres-produits\/portes-dentree-en-pvc\/\">PORTES D&#8217;ENTR\u00c9E EN PVC<\/a><\/li>\n\t<li class=\"page_item page-item-3119\"><a href=\"https:\/\/www.mpvc.pt\/fr\/autres-produits\/volets-roulants-exterieurs\/\">VOLETS ROULANTS EXT\u00c9RIEURS<\/a><\/li>\n\t<li class=\"page_item page-item-3147\"><a href=\"https:\/\/www.mpvc.pt\/fr\/autres-produits\/moustiquaires\/\">MOUSTIQUAIRES<\/a><\/li>\n<\/ul>\n<\/li>\n<li class=\"page_item page-item-3201\"><a href=\"https:\/\/www.mpvc.pt\/fr\/etre-revendeur-mpvc\/\">\u00caTRE REVENDEUR MPVC<\/a><\/li>\n<li class=\"page_item page-item-3197\"><a href=\"https:\/\/www.mpvc.pt\/fr\/realisations-recentes\/\">R\u00c9ALISATIONS R\u00c9CENTES<\/a><\/li>\n<li class=\"page_item page-item-3166\"><a href=\"https:\/\/www.mpvc.pt\/fr\/couleurs-finitions\/\">COULEURS &#038; FINITIONS<\/a><\/li>\n<li class=\"page_item page-item-3204\"><a href=\"https:\/\/www.mpvc.pt\/fr\/contacts\/\">CONTACTS<\/a><\/li>\n<li class=\"page_item page-item-3163\"><a href=\"https:\/\/www.mpvc.pt\/fr\/poignees\/\">POIGN\u00c9ES<\/a><\/li>\n<li class=\"page_item page-item-3173\"><a href=\"https:\/\/www.mpvc.pt\/fr\/assistance-et-garanties\/\">ASSISTANCE ET GARANTIES<\/a><\/li>\n<li class=\"page_item page-item-3160\"><a href=\"https:\/\/www.mpvc.pt\/fr\/blogue\/\">BLOGUE<\/a><\/li>\n<li class=\"page_item page-item-3333\"><a href=\"https:\/\/www.mpvc.pt\/fr\/mapa-do-site\/\">MAPA DO SITE<\/a><\/li>\n<li class=\"page_item page-item-3183\"><a href=\"https:\/\/www.mpvc.pt\/fr\/simulateur-defficience-energetique-des-fenetres\/\">SIMULATEUR D\u2019EFFICIENCE ENERGETIQUE DES FEN\u00caTRES<\/a><\/li>\n<\/ul>\n<h2 class=\"wsp-posts-title\">Articles par cat\u00e9gorie<\/h2>\n<ul class=\"wsp-posts-list\">\n\t<li><strong class=\"wsp-category-title\">Category: <a href=\"https:\/\/www.mpvc.pt\/fr\/category\/cortizo-fr\/\">CORTIZO<\/a><\/strong>\n<ul class=\"wsp-posts-list\">\t\t<li class=\"wsp-post\"><a href=\"https:\/\/www.mpvc.pt\/fr\/fenetres-pvc-cortizo-fenetres-de-confiance\/\">Fen\u00eatres PVC Cortizo, fen\u00eatres de confiance<\/a><\/li>\n<\/ul><\/li>\n\t<li><strong class=\"wsp-category-title\">Category: <a href=\"https:\/\/www.mpvc.pt\/fr\/category\/fenetres-pvc\/\">FEN\u00caTRES PVC<\/a><\/strong>\n<ul class=\"wsp-posts-list\">\t\t<li class=\"wsp-post\"><a href=\"https:\/\/www.mpvc.pt\/fr\/choisissez-le-meilleur-vitrage-pour-vos-fenetres-pvc\/\">Choisissez le meilleur vitrage pour vos Fen\u00eatres PVC<\/a><\/li>\n\t\t<li class=\"wsp-post\"><a href=\"https:\/\/www.mpvc.pt\/fr\/entretien-des-fenetres-pvc\/\">Entretien des fen\u00eatres PVC<\/a><\/li>\n\t\t<li class=\"wsp-post\"><a href=\"https:\/\/www.mpvc.pt\/fr\/avantages-des-fenetres-pvc\/\">Avantages des Fen\u00eatres PVC<\/a><\/li>\n<\/ul><\/li>\n\t<li><strong class=\"wsp-category-title\">Category: <a href=\"https:\/\/www.mpvc.pt\/fr\/category\/vitrage\/\">VITRAGE<\/a><\/strong>\n<\/li>\n<\/ul>\n<h2 class=\"wsp-ozy_projects-title\">Project<\/h2>\n<ul class=\"wsp-ozy_projects-list\">\n<li><a href=\"https:\/\/www.mpvc.pt\/fr\/projectos\/vivenda-em-varzea-de-santarem\/\">Vivenda em V\u00e1rzea de Santar\u00e9m<\/a><\/li>\n<li><a href=\"https:\/\/www.mpvc.pt\/fr\/projectos\/residencia-em-amiais-de-baixo\/\">Resid\u00eancia em Amiais de Baixo<\/a><\/li>\n<li><a href=\"https:\/\/www.mpvc.pt\/fr\/projectos\/vivenda-em-torres-novas\/\">Vivenda em Torres Novas<\/a><\/li>\n<li><a href=\"https:\/\/www.mpvc.pt\/fr\/projectos\/maison-a-pe-da-pedreira\/\">Maison \u00e0 P\u00e9 da Pedreira<\/a><\/li>\n<li><a href=\"https:\/\/www.mpvc.pt\/fr\/projectos\/maison-a-mendiga\/\">Maison \u00e0 Mendiga<\/a><\/li>\n<\/ul>\n<h2 class=\"wsp-project_categorys-title\">Project Categories<\/h2>\n<ul class=\"wsp-project_categorys-list\">\n<li><a href=\"https:\/\/www.mpvc.pt\/fr\/project_category\/fenetres-pvc\/\">FEN\u00caTRES PVC<\/a><\/li>\n<li><a href=\"https:\/\/www.mpvc.pt\/fr\/project_category\/portes-dentrees\/\">PORTES D\u2019ENTR\u00c9ES<\/a><\/li>\n<\/ul>\n<\/div>\n","protected":false},"excerpt":{"rendered":"Pages DEVIS HOME RECURSOS MPVC FEN\u00caTRES PVC Fen\u00eatres Coulissantes &#8211; Syst\u00e8me C70 Fen\u00eatres Coulissantes de Levage &#8211; Syst\u00e8me E170 S8000 Sistema Batente S9000 Syst\u00e8me Levant Coulissant Syst\u00e8me Ouvrant \u00e0 la [...]","protected":false},"author":1,"featured_media":0,"parent":0,"menu_order":11,"comment_status":"closed","ping_status":"closed","template":"","meta":{"_mi_skip_tracking":false,"_monsterinsights_sitenote_active":false,"_monsterinsights_sitenote_note":"","_monsterinsights_sitenote_category":0},"yoast_head":"<!-- This site is optimized with the Yoast SEO plugin v19.4 - https:\/\/yoast.com\/wordpress\/plugins\/seo\/ -->\n<title>Mapa do Site - Arquitetura de Navega\u00e7\u00e3o, Links | MPVC<\/title>\n<meta name=\"description\" content=\"Aceda \u00e0 arquictetura de informa\u00e7\u00e3o do nosso site de uma forma r\u00e1pida e eficaz. | MPVC - Janelas PVC, Portas de Entrada, Estores Esteriores e Mosquiteiros.\" \/>\n<meta name=\"robots\" content=\"index, follow, max-snippet:-1, max-image-preview:large, max-video-preview:-1\" \/>\n<link rel=\"canonical\" href=\"https:\/\/www.mpvc.pt\/fr\/mapa-do-site\/\" \/>\n<meta property=\"og:locale\" content=\"fr_FR\" \/>\n<meta property=\"og:type\" content=\"article\" \/>\n<meta property=\"og:title\" content=\"Mapa do Site - Arquitetura de Navega\u00e7\u00e3o, Links | MPVC\" \/>\n<meta property=\"og:description\" content=\"Aceda \u00e0 arquictetura de informa\u00e7\u00e3o do nosso site de uma forma r\u00e1pida e eficaz. | MPVC - Janelas PVC, Portas de Entrada, Estores Esteriores e Mosquiteiros.\" \/>\n<meta property=\"og:url\" content=\"https:\/\/www.mpvc.pt\/fr\/mapa-do-site\/\" \/>\n<meta property=\"og:site_name\" content=\"MPVC\" \/>\n<meta property=\"article:modified_time\" content=\"2018-02-27T16:00:32+00:00\" \/>\n<meta name=\"twitter:card\" content=\"summary\" \/>\n<script type=\"application\/ld+json\" class=\"yoast-schema-graph\">{\"@context\":\"https:\/\/schema.org\",\"@graph\":[{\"@type\":\"WebSite\",\"@id\":\"https:\/\/www.mpvc.pt\/#website\",\"url\":\"https:\/\/www.mpvc.pt\/\",\"name\":\"MPVC\",\"description\":\"Janelas PVC\",\"potentialAction\":[{\"@type\":\"SearchAction\",\"target\":{\"@type\":\"EntryPoint\",\"urlTemplate\":\"https:\/\/www.mpvc.pt\/?s={search_term_string}\"},\"query-input\":\"required name=search_term_string\"}],\"inLanguage\":\"fr-FR\"},{\"@type\":\"WebPage\",\"@id\":\"https:\/\/www.mpvc.pt\/fr\/mapa-do-site\/\",\"url\":\"https:\/\/www.mpvc.pt\/fr\/mapa-do-site\/\",\"name\":\"Mapa do Site - Arquitetura de Navega\u00e7\u00e3o, Links | MPVC\",\"isPartOf\":{\"@id\":\"https:\/\/www.mpvc.pt\/#website\"},\"datePublished\":\"2016-12-03T16:54:50+00:00\",\"dateModified\":\"2018-02-27T16:00:32+00:00\",\"description\":\"Aceda \u00e0 arquictetura de informa\u00e7\u00e3o do nosso site de uma forma r\u00e1pida e eficaz. | MPVC - Janelas PVC, Portas de Entrada, Estores Esteriores e Mosquiteiros.\",\"breadcrumb\":{\"@id\":\"https:\/\/www.mpvc.pt\/fr\/mapa-do-site\/#breadcrumb\"},\"inLanguage\":\"fr-FR\",\"potentialAction\":[{\"@type\":\"ReadAction\",\"target\":[\"https:\/\/www.mpvc.pt\/fr\/mapa-do-site\/\"]}]},{\"@type\":\"BreadcrumbList\",\"@id\":\"https:\/\/www.mpvc.pt\/fr\/mapa-do-site\/#breadcrumb\",\"itemListElement\":[{\"@type\":\"ListItem\",\"position\":1,\"name\":\"In\u00edcio\",\"item\":\"https:\/\/www.mpvc.pt\/fr\/\"},{\"@type\":\"ListItem\",\"position\":2,\"name\":\"MAPA DO SITE\"}]}]}<\/script>\n<!-- \/ Yoast SEO plugin. -->","yoast_head_json":{"title":"Mapa do Site - Arquitetura de Navega\u00e7\u00e3o, Links | MPVC","description":"Aceda \u00e0 arquictetura de informa\u00e7\u00e3o do nosso site de uma forma r\u00e1pida e eficaz. | MPVC - Janelas PVC, Portas de Entrada, Estores Esteriores e Mosquiteiros.","robots":{"index":"index","follow":"follow","max-snippet":"max-snippet:-1","max-image-preview":"max-image-preview:large","max-video-preview":"max-video-preview:-1"},"canonical":"https:\/\/www.mpvc.pt\/fr\/mapa-do-site\/","og_locale":"fr_FR","og_type":"article","og_title":"Mapa do Site - Arquitetura de Navega\u00e7\u00e3o, Links | MPVC","og_description":"Aceda \u00e0 arquictetura de informa\u00e7\u00e3o do nosso site de uma forma r\u00e1pida e eficaz. | MPVC - Janelas PVC, Portas de Entrada, Estores Esteriores e Mosquiteiros.","og_url":"https:\/\/www.mpvc.pt\/fr\/mapa-do-site\/","og_site_name":"MPVC","article_modified_time":"2018-02-27T16:00:32+00:00","twitter_card":"summary","schema":{"@context":"https:\/\/schema.org","@graph":[{"@type":"WebSite","@id":"https:\/\/www.mpvc.pt\/#website","url":"https:\/\/www.mpvc.pt\/","name":"MPVC","description":"Janelas PVC","potentialAction":[{"@type":"SearchAction","target":{"@type":"EntryPoint","urlTemplate":"https:\/\/www.mpvc.pt\/?s={search_term_string}"},"query-input":"required name=search_term_string"}],"inLanguage":"fr-FR"},{"@type":"WebPage","@id":"https:\/\/www.mpvc.pt\/fr\/mapa-do-site\/","url":"https:\/\/www.mpvc.pt\/fr\/mapa-do-site\/","name":"Mapa do Site - Arquitetura de Navega\u00e7\u00e3o, Links | MPVC","isPartOf":{"@id":"https:\/\/www.mpvc.pt\/#website"},"datePublished":"2016-12-03T16:54:50+00:00","dateModified":"2018-02-27T16:00:32+00:00","description":"Aceda \u00e0 arquictetura de informa\u00e7\u00e3o do nosso site de uma forma r\u00e1pida e eficaz. | MPVC - Janelas PVC, Portas de Entrada, Estores Esteriores e Mosquiteiros.","breadcrumb":{"@id":"https:\/\/www.mpvc.pt\/fr\/mapa-do-site\/#breadcrumb"},"inLanguage":"fr-FR","potentialAction":[{"@type":"ReadAction","target":["https:\/\/www.mpvc.pt\/fr\/mapa-do-site\/"]}]},{"@type":"BreadcrumbList","@id":"https:\/\/www.mpvc.pt\/fr\/mapa-do-site\/#breadcrumb","itemListElement":[{"@type":"ListItem","position":1,"name":"In\u00edcio","item":"https:\/\/www.mpvc.pt\/fr\/"},{"@type":"ListItem","position":2,"name":"MAPA DO SITE"}]}]}},"_links":{"self":[{"href":"https:\/\/www.mpvc.pt\/fr\/wp-json\/wp\/v2\/pages\/3333"}],"collection":[{"href":"https:\/\/www.mpvc.pt\/fr\/wp-json\/wp\/v2\/pages"}],"about":[{"href":"https:\/\/www.mpvc.pt\/fr\/wp-json\/wp\/v2\/types\/page"}],"author":[{"embeddable":true,"href":"https:\/\/www.mpvc.pt\/fr\/wp-json\/wp\/v2\/users\/1"}],"replies":[{"embeddable":true,"href":"https:\/\/www.mpvc.pt\/fr\/wp-json\/wp\/v2\/comments?post=3333"}],"version-history":[{"count":2,"href":"https:\/\/www.mpvc.pt\/fr\/wp-json\/wp\/v2\/pages\/3333\/revisions"}],"predecessor-version":[{"id":3335,"href":"https:\/\/www.mpvc.pt\/fr\/wp-json\/wp\/v2\/pages\/3333\/revisions\/3335"}],"wp:attachment":[{"href":"https:\/\/www.mpvc.pt\/fr\/wp-json\/wp\/v2\/media?parent=3333"}],"curies":[{"name":"wp","href":"https:\/\/api.w.org\/{rel}","templated":true}]}}