{"id":3455,"date":"2018-05-08T15:40:12","date_gmt":"2018-05-08T15:40:12","guid":{"rendered":"https:\/\/www.mpvc.pt\/fr\/fenetres-pvc\/sistema-batente-s9000\/"},"modified":"2021-09-09T14:47:43","modified_gmt":"2021-09-09T14:47:43","slug":"sistema-batente-s9000","status":"publish","type":"page","link":"https:\/\/www.mpvc.pt\/fr\/fenetres-pvc\/sistema-batente-s9000\/","title":{"rendered":"Sistema Batente S9000"},"content":{"rendered":"<p>[vc_row css=&#8221;.vc_custom_1467219050332{margin-top: 0px !important;}&#8221;][vc_column][\/vc_column][\/vc_row][vc_row css=&#8221;.vc_custom_1469113350300{margin-bottom: 30px !important;}&#8221;][vc_column]<div class=\"ozy-owlcarousel single navigation-on \" data-autoplay=\"false\" data-items=\"1\" data-singleitem=\"true\" data-slidespeed=\"200\" data-paginationSpeed=\"800\" data-autoheight=\"false\">\n<div class=\"item owl-item-6826\" style=\"width:960px;height:540px\"><img src=\"https:\/\/www.mpvc.pt\/wp-content\/uploads\/2018\/06\/MPVC-Janelas-S9000-perfil.jpg\" alt=\"full\"\/><div class=\"caption\"><\/div><\/div><div class=\"item owl-item-4517\" style=\"width:960px;height:540px\"><img src=\"https:\/\/www.mpvc.pt\/wp-content\/uploads\/2018\/06\/MPVC-Janelas-abrir-S9000.jpg\" alt=\"full\"\/><div class=\"caption\"><\/div><\/div><div class=\"item owl-item-1108\" style=\"width:960px;height:540px\"><img src=\"https:\/\/www.mpvc.pt\/wp-content\/uploads\/2018\/06\/MPVC-Janelas-S9000.jpg\" alt=\"full\"\/><div class=\"caption\"><\/div><\/div><div class=\"item owl-item-2702\" style=\"width:960px;height:540px\"><img src=\"https:\/\/www.mpvc.pt\/wp-content\/uploads\/2018\/06\/MPVC-Janelas-S9000-perfil.jpg\" alt=\"full\"\/><div class=\"caption\"><\/div><\/div>\n<\/div>[\/vc_column][\/vc_row][vc_row][vc_column][vc_column_text]<\/p>\n<h2>Efici\u00eancia Energ\u00e9tica M\u00e1xima<\/h2>\n<p>[\/vc_column_text][vc_tta_accordion style=&#8221;outline&#8221; shape=&#8221;square&#8221; active_section=&#8221;1,7&#8243;][vc_tta_section title=&#8221;Caracter\u00edsticas&#8221; tab_id=&#8221;caracteristicas&#8221;][vc_column_text]O S9000 \u00e9 um sistema em PVC da Gealan, moderno e elegante com 82,5 mm de profundidade e uma capacidade m\u00e1xima de envidra\u00e7amento de at\u00e9 52 mm.<\/p>\n<p>Equipado com perfis de 6 c\u00e2maras interiores, o sistema S9000 garante n\u00edveis de efici\u00eancia energ\u00e9tica e isolamento ac\u00fastico de luxo com valores de transmiss\u00e3o t\u00e9rmica at\u00e9 0,89 W\/m\u00b2K, com a particularidade de ter tripla junta. Trata-se de um sistema de excel\u00eancia que cumpre as mais exigentes normas legais de desempenho e efici\u00eancia energ\u00e9tica, independentemente das caracter\u00edsticas clim\u00e1ticas do local de resid\u00eancia.<\/p>\n<ul>\n<li><strong>Visualizar <a href=\"https:\/\/www.mpvc.pt\/wp-content\/uploads\/2020\/07\/CORTE.pdf\">corte do perfil<\/a> S9000<\/strong><\/li>\n<\/ul>\n<p>&nbsp;<\/p>\n<p>O sistema S9000 da Gealan apresenta assim 3 caracter\u00edsticas diferentes em rela\u00e7\u00e3o ao S8000: A profundidade cresce 8,5mm para os 82,5mm. Tem a particularidade de Tripla Junta (3 juntas de veda\u00e7\u00e3o) e um coeficiente t\u00e9rmico at\u00e9 0,89 W\/m\u00b2K na vers\u00e3o de junta central e quando se opta pela junta superior, o coeficiente t\u00e9rmico fica em 0,97 W\/m\u00b2K.[\/vc_column_text][vc_column_text]<strong>Cores e Acabamentos<\/strong><\/p>\n<ul>\n<li>Branco<\/li>\n<li>Cores<\/li>\n<li>Imita\u00e7\u00e3o madeira<\/li>\n<li>Possibilidade de dupla cor<\/li>\n<\/ul>\n<p>[\/vc_column_text][vc_column_text]<strong>Op\u00e7\u00f5es de Abertura<\/strong><\/p>\n<ul>\n<li>Abertura interior: batente, oscilo-batente, harm\u00f3nio, oscilo-paralela e basculante.<\/li>\n<\/ul>\n<p><img loading=\"lazy\" class=\"alignnone size-full wp-image-2228\" src=\"https:\/\/www.mpvc.pt\/wp-content\/uploads\/2016\/10\/janelas-pvc-batente.gif\" alt=\"janelas-pvc-batente\" width=\"29\" height=\"36\" \/><img loading=\"lazy\" class=\"alignnone size-full wp-image-2231\" src=\"https:\/\/www.mpvc.pt\/wp-content\/uploads\/2016\/10\/janelas-pvc-oscilobatente.gif\" alt=\"janelas-pvc-oscilobatente\" width=\"29\" height=\"36\" \/><img loading=\"lazy\" class=\"alignnone size-full wp-image-2230\" src=\"https:\/\/www.mpvc.pt\/wp-content\/uploads\/2016\/10\/janelas-pvc-harmonio.gif\" alt=\"janelas-pvc-harmonio\" width=\"75\" height=\"36\" \/><img loading=\"lazy\" class=\"alignnone size-full wp-image-2227\" src=\"https:\/\/www.mpvc.pt\/wp-content\/uploads\/2016\/10\/janelas-pvc-osciloparalela.gif\" alt=\"janelas-pvc-osciloparalela\" width=\"53\" height=\"36\" \/><img loading=\"lazy\" class=\"alignnone size-full wp-image-2248\" src=\"https:\/\/www.mpvc.pt\/wp-content\/uploads\/2016\/10\/janelas-pvc-basculante.gif\" alt=\"janelas-pvc-abertura-basculante\" width=\"29\" height=\"36\" \/><\/p>\n<ul>\n<li>Abertura exterior: batente.<\/li>\n<\/ul>\n<p><img loading=\"lazy\" class=\"alignnone size-full wp-image-2229\" src=\"https:\/\/www.mpvc.pt\/wp-content\/uploads\/2016\/10\/janelas-pvc-exterior-batente.gif\" alt=\"janelas-pvc-exterior-batente\" width=\"29\" height=\"36\" \/>[\/vc_column_text][vc_column_text]<strong>Seguran\u00e7a<\/strong><\/p>\n<p>Nos perfis da Gealan encontra uma protec\u00e7\u00e3o anti-roubo de excelente qualidade . Durante a constru\u00e7\u00e3o do perfil de 6 c\u00e2maras, foi dada especial enfoque na coloca\u00e7\u00e3o de um refor\u00e7o em a\u00e7o de grandes dimens\u00f5es na parte interior do aro. Aliado \u00e0 profundidade de constru\u00e7\u00e3o do perfil\u00a0de 82,5 mm,\u00a0a liga\u00e7\u00e3o com o vidro \u00e9 feita com um sistema de alta performance-STV, que fortalece a posi\u00e7\u00e3o do vidro e n\u00e3o deixa que o mesmo se mova ou saia com facilidade, formando assim um s\u00f3 conjunto ( Perfil + Vidro )[\/vc_column_text][vc_column_text][\/vc_column_text][\/vc_tta_section][vc_tta_section title=&#8221;Par\u00e2metros T\u00e9cnicos&#8221; tab_id=&#8221;info-tecnica&#8221;]<div class=\"tabs tabs-style-underline\"><nav><ul><li><a href=\"#tab-section-1\" class=\"\"><span>Isolamento Ac\u00fastico<\/span><\/a><\/li><li><a href=\"#tab-section-2\" class=\"\"><span>Efici\u00eancia Energ\u00e9tica<\/span><\/a><\/li><li><a href=\"#tab-section-3\" class=\"\"><span>Sec\u00e7\u00f5es<\/span><\/a><\/li><li><a href=\"#tab-section-4\" class=\"\"><span>Dimens\u00f5es\/Peso<\/span><\/a><\/li><\/ul><\/nav><div class=\"content-wrap\"><section id=\"tab-section-1\"><\/p>\n<ul>\n<li>M\u00e1ximo envidra\u00e7amento 52 mm<\/li>\n<li>Isolamento ac\u00fastico em at\u00e9 48 dB<\/li>\n<\/ul>\n<p>Exemplo de valores de ru\u00eddo<\/p>\n<table>\n<tbody>\n<tr>\n<td width=\"288\">Veiculo<\/td>\n<td width=\"288\">Ru\u00eddo ( Aproximadamente )<\/td>\n<\/tr>\n<tr>\n<td width=\"288\">Moto<\/td>\n<td width=\"288\">70dB<\/td>\n<\/tr>\n<tr>\n<td width=\"288\">Autm\u00f3vel<\/td>\n<td width=\"288\">75dB<\/td>\n<\/tr>\n<tr>\n<td width=\"288\">Avi\u00e3o<\/td>\n<td width=\"288\">140 dB<\/td>\n<\/tr>\n<\/tbody>\n<\/table>\n<p><\/section><section id=\"tab-section-2\"><\/p>\n<ul>\n<li>Coeficiente de Transmiss\u00e3o T\u00e9rmica: Uw desde 0,89\u00a0 (W\/m\u00b2K)<\/li>\n<\/ul>\n<p>*Em fun\u00e7\u00e3o do coeficiente de transmiss\u00e3o t\u00e9rmica do vidro.<\/section><section id=\"tab-section-3\"><\/p>\n<ul>\n<li>Aro fixo\u00a082.5<strong>\u00a0mm<\/strong><\/li>\n<li>Folha 82.5<strong>\u00a0mm<\/strong><\/li>\n<\/ul>\n<p><\/section><section id=\"tab-section-4\"><\/p>\n<ul>\n<li>Largura (L)= 1.000 mm<\/li>\n<li>Altura (H)= 2.400 mm<\/li>\n<li>Peso m\u00e1ximo\/folha 130 Kg<\/li>\n<\/ul>\n<p>Consultar peso e dimens\u00f5es m\u00e1ximas para outras tipologias.<\/section><\/div><\/div>[\/vc_tta_section][vc_tta_section title=&#8221;Categorias em banco de ensaios&#8221; tab_id=&#8221;categorias&#8221;][vc_column_text]Prote\u00e7\u00e3o face ao clima:<\/p>\n<ul>\n<li><strong>Classe 4<\/strong> \u2013 Permeabilidade ao ar (EN 12207:2000)<\/li>\n<li><strong>Classe 9A<\/strong>\u2013 Estanquidade \u00e0 \u00e1gua (EN 12208:2000)<\/li>\n<li><strong>Classe C5<\/strong>\u00a0\u2013 Resist\u00eancia ao vento (EN 12210:2000)<\/li>\n<\/ul>\n<p>Ensaio de refer\u00eancia: 1,65 x 1,47 m[\/vc_column_text][\/vc_tta_section][vc_tta_section title=&#8221;Acess\u00f3rios&#8221; tab_id=&#8221;acessorios&#8221;]<div class=\"tabs tabs-style-underline\"><nav><ul><li><a href=\"#tab-section-1\" class=\"\"><span>Vidro<\/span><\/a><\/li><\/ul><\/nav><div class=\"content-wrap\"><section id=\"tab-section-1\">O vidro \u00e9 o elemento mais fr\u00e1gil das fachadas e ocupa cerca de 80% da superf\u00edcie das janelas.<\/p>\n<p>Existem tipos de vidro muito diferentes que se adaptam tamb\u00e9m a diferentes prioridades. Saber escolher o vidro certo \u00e9 uma etapa fundamental para\u00a0aumentar o conforto t\u00e9rmico e ac\u00fastico mas tamb\u00e9m a seguran\u00e7a das moradias e de outros edif\u00edcios.<\/p>\n<p>N\u00e3o negligencie a escolha do vidro quando adquirir as suas janelas. Este post &#8211; <a href=\"\/escolher-o-melhor-vidro-para-janelas-pvc\/\">Escolher o melhor vidro para as suas janelas PVC<\/a> &#8211; pode ajudar.<\/section><\/div><\/div>[\/vc_tta_section][\/vc_tta_accordion][\/vc_column][\/vc_row][vc_row row_fullwidth=&#8221;1&#8243; css=&#8221;.vc_custom_1472579177617{padding-top: 60px !important;}&#8221;][vc_column]<fieldset class=\"ozy-content-divider  wpb_content_element\" style=\"border-top-style:solid;border-top-width:1px;border-top-color:#81d742\"><legend class=\"dcenter\" align=\"center\">OUTRAS JANELAS<\/legend><\/fieldset>[\/vc_column][\/vc_row][vc_row css=&#8221;.vc_custom_1472579308240{padding-bottom: 60px !important;}&#8221;][vc_column width=&#8221;1\/3&#8243;]<div class=\"ozy-flex-box \">\n\t\t\t\t<a class=\"hover-frame\" href=\"\/janelas-pvc\/sistema-batente-a-70-de-tripla-junta\/\" target=\"_self\">\n\t\t\t\t\t<span class=\"hover-frame-wrapper\">\n\t\t\t\t\t\t<img src=\"https:\/\/www.mpvc.pt\/wp-content\/uploads\/2016\/06\/janelas-pvc-cortizo-a70-tripla-junta.640x.jpg\" alt=\"Janela de Abrir\"\/>\n\t\t\t\t\t\t<span class=\"hover-frame-inner\"><\/span>\n\t\t\t\t\t<\/span>\n\t\t\t\t\t<h6><\/h6>\n\t\t\t\t<\/a>\n\t\t\t\t<h5>Janela de Abrir<\/h5>A70 Tripla Junta<\/div>[\/vc_column][vc_column width=&#8221;1\/3&#8243;]<div class=\"ozy-flex-box \">\n\t\t\t\t<a class=\"hover-frame\" href=\"\/janelas-pvc\/janelas-de-correr-sistema-c-70\/\" target=\"_self\">\n\t\t\t\t\t<span class=\"hover-frame-wrapper\">\n\t\t\t\t\t\t<img src=\"https:\/\/www.mpvc.pt\/wp-content\/uploads\/2016\/03\/janelas-pvc-cortizo-c70.jpg\" alt=\"Janela de Correr\"\/>\n\t\t\t\t\t\t<span class=\"hover-frame-inner\"><\/span>\n\t\t\t\t\t<\/span>\n\t\t\t\t\t<h6><\/h6>\n\t\t\t\t<\/a>\n\t\t\t\t<h5>Janela de Correr<\/h5>Sistema C70<\/div>[\/vc_column][vc_column width=&#8221;1\/3&#8243;]<div class=\"ozy-flex-box \">\n\t\t\t\t<a class=\"hover-frame\" href=\"\/janelas-pvc\/janela-osciloparalela\/\" target=\"_self\">\n\t\t\t\t\t<span class=\"hover-frame-wrapper\">\n\t\t\t\t\t\t<img src=\"https:\/\/www.mpvc.pt\/wp-content\/uploads\/2016\/06\/janela-pvc-osciloparalela.jpg\" alt=\"Janela Osciloparalela\"\/>\n\t\t\t\t\t\t<span class=\"hover-frame-inner\"><\/span>\n\t\t\t\t\t<\/span>\n\t\t\t\t\t<h6><\/h6>\n\t\t\t\t<\/a>\n\t\t\t\t<h5>Janela Osciloparalela<\/h5>Sistema Patio Z<\/div>[\/vc_column][\/vc_row]<\/p>\n","protected":false},"excerpt":{"rendered":"<p>[vc_row css=&#8221;.vc_custom_1467219050332{margin-top: 0px !important;}&#8221;][vc_column][\/vc_column][\/vc_row][vc_row css=&#8221;.vc_custom_1469113350300{margin-bottom: 30px !important;}&#8221;][vc_column][\/vc_column][\/vc_row][vc_row][vc_column][vc_column_text] Efici\u00eancia Energ\u00e9tica M\u00e1xima [\/vc_column_text][vc_tta_accordion style=&#8221;outline&#8221; shape=&#8221;square&#8221; active_section=&#8221;1,7&#8243;][vc_tta_section title=&#8221;Caracter\u00edsticas&#8221; tab_id=&#8221;caracteristicas&#8221;][vc_column_text]O S9000 \u00e9 um sistema em PVC da Gealan, moderno e elegante com 82,5 mm [&hellip;]<\/p>\n","protected":false},"author":5,"featured_media":0,"parent":3035,"menu_order":0,"comment_status":"closed","ping_status":"closed","template":"","meta":{"_mi_skip_tracking":false,"_monsterinsights_sitenote_active":false,"_monsterinsights_sitenote_note":"","_monsterinsights_sitenote_category":0},"yoast_head":"<!-- This site is optimized with the Yoast SEO plugin v19.4 - https:\/\/yoast.com\/wordpress\/plugins\/seo\/ -->\n<title>Janelas PVC - Sistema Batente S9000 | MPVC<\/title>\n<meta name=\"description\" content=\"Janelas de PVC Batente S9000 da Gealan s\u00e3o o sistema ideal para quem procura janelas com um excelente isolamento t\u00e9rmico e maior profundidade.\" \/>\n<meta name=\"robots\" content=\"index, follow, max-snippet:-1, max-image-preview:large, max-video-preview:-1\" \/>\n<link rel=\"canonical\" href=\"https:\/\/www.mpvc.pt\/fr\/fenetres-pvc\/sistema-batente-s9000\/\" \/>\n<meta property=\"og:locale\" content=\"fr_FR\" \/>\n<meta property=\"og:type\" content=\"article\" \/>\n<meta property=\"og:title\" content=\"Janelas PVC - Sistema Batente S9000 | MPVC\" \/>\n<meta property=\"og:description\" content=\"Janelas de PVC Batente S9000 da Gealan s\u00e3o o sistema ideal para quem procura janelas com um excelente isolamento t\u00e9rmico e maior profundidade.\" \/>\n<meta property=\"og:url\" content=\"https:\/\/www.mpvc.pt\/fr\/fenetres-pvc\/sistema-batente-s9000\/\" \/>\n<meta property=\"og:site_name\" content=\"MPVC\" \/>\n<meta property=\"article:modified_time\" content=\"2021-09-09T14:47:43+00:00\" \/>\n<meta property=\"og:image\" content=\"https:\/\/www.mpvc.pt\/wp-content\/uploads\/2016\/10\/janelas-pvc-batente.gif\" \/>\n<meta name=\"twitter:card\" content=\"summary\" \/>\n<meta name=\"twitter:label1\" content=\"Dur\u00e9e de lecture estim\u00e9e\" \/>\n\t<meta name=\"twitter:data1\" content=\"4 minutes\" \/>\n<script type=\"application\/ld+json\" class=\"yoast-schema-graph\">{\"@context\":\"https:\/\/schema.org\",\"@graph\":[{\"@type\":\"WebSite\",\"@id\":\"https:\/\/www.mpvc.pt\/#website\",\"url\":\"https:\/\/www.mpvc.pt\/\",\"name\":\"MPVC\",\"description\":\"Janelas PVC\",\"potentialAction\":[{\"@type\":\"SearchAction\",\"target\":{\"@type\":\"EntryPoint\",\"urlTemplate\":\"https:\/\/www.mpvc.pt\/?s={search_term_string}\"},\"query-input\":\"required name=search_term_string\"}],\"inLanguage\":\"fr-FR\"},{\"@type\":\"WebPage\",\"@id\":\"https:\/\/www.mpvc.pt\/fr\/fenetres-pvc\/sistema-batente-s9000\/\",\"url\":\"https:\/\/www.mpvc.pt\/fr\/fenetres-pvc\/sistema-batente-s9000\/\",\"name\":\"Janelas PVC - Sistema Batente S9000 | MPVC\",\"isPartOf\":{\"@id\":\"https:\/\/www.mpvc.pt\/#website\"},\"datePublished\":\"2018-05-08T15:40:12+00:00\",\"dateModified\":\"2021-09-09T14:47:43+00:00\",\"description\":\"Janelas de PVC Batente S9000 da Gealan s\u00e3o o sistema ideal para quem procura janelas com um excelente isolamento t\u00e9rmico e maior profundidade.\",\"breadcrumb\":{\"@id\":\"https:\/\/www.mpvc.pt\/fr\/fenetres-pvc\/sistema-batente-s9000\/#breadcrumb\"},\"inLanguage\":\"fr-FR\",\"potentialAction\":[{\"@type\":\"ReadAction\",\"target\":[\"https:\/\/www.mpvc.pt\/fr\/fenetres-pvc\/sistema-batente-s9000\/\"]}]},{\"@type\":\"BreadcrumbList\",\"@id\":\"https:\/\/www.mpvc.pt\/fr\/fenetres-pvc\/sistema-batente-s9000\/#breadcrumb\",\"itemListElement\":[{\"@type\":\"ListItem\",\"position\":1,\"name\":\"In\u00edcio\",\"item\":\"https:\/\/www.mpvc.pt\/fr\/\"},{\"@type\":\"ListItem\",\"position\":2,\"name\":\"FEN\u00caTRES PVC\",\"item\":\"https:\/\/www.mpvc.pt\/fr\/fenetres-pvc\/\"},{\"@type\":\"ListItem\",\"position\":3,\"name\":\"Sistema Batente S9000\"}]}]}<\/script>\n<!-- \/ Yoast SEO plugin. -->","yoast_head_json":{"title":"Janelas PVC - Sistema Batente S9000 | MPVC","description":"Janelas de PVC Batente S9000 da Gealan s\u00e3o o sistema ideal para quem procura janelas com um excelente isolamento t\u00e9rmico e maior profundidade.","robots":{"index":"index","follow":"follow","max-snippet":"max-snippet:-1","max-image-preview":"max-image-preview:large","max-video-preview":"max-video-preview:-1"},"canonical":"https:\/\/www.mpvc.pt\/fr\/fenetres-pvc\/sistema-batente-s9000\/","og_locale":"fr_FR","og_type":"article","og_title":"Janelas PVC - Sistema Batente S9000 | MPVC","og_description":"Janelas de PVC Batente S9000 da Gealan s\u00e3o o sistema ideal para quem procura janelas com um excelente isolamento t\u00e9rmico e maior profundidade.","og_url":"https:\/\/www.mpvc.pt\/fr\/fenetres-pvc\/sistema-batente-s9000\/","og_site_name":"MPVC","article_modified_time":"2021-09-09T14:47:43+00:00","og_image":[{"url":"https:\/\/www.mpvc.pt\/wp-content\/uploads\/2016\/10\/janelas-pvc-batente.gif"}],"twitter_card":"summary","twitter_misc":{"Dur\u00e9e de lecture estim\u00e9e":"4 minutes"},"schema":{"@context":"https:\/\/schema.org","@graph":[{"@type":"WebSite","@id":"https:\/\/www.mpvc.pt\/#website","url":"https:\/\/www.mpvc.pt\/","name":"MPVC","description":"Janelas PVC","potentialAction":[{"@type":"SearchAction","target":{"@type":"EntryPoint","urlTemplate":"https:\/\/www.mpvc.pt\/?s={search_term_string}"},"query-input":"required name=search_term_string"}],"inLanguage":"fr-FR"},{"@type":"WebPage","@id":"https:\/\/www.mpvc.pt\/fr\/fenetres-pvc\/sistema-batente-s9000\/","url":"https:\/\/www.mpvc.pt\/fr\/fenetres-pvc\/sistema-batente-s9000\/","name":"Janelas PVC - Sistema Batente S9000 | MPVC","isPartOf":{"@id":"https:\/\/www.mpvc.pt\/#website"},"datePublished":"2018-05-08T15:40:12+00:00","dateModified":"2021-09-09T14:47:43+00:00","description":"Janelas de PVC Batente S9000 da Gealan s\u00e3o o sistema ideal para quem procura janelas com um excelente isolamento t\u00e9rmico e maior profundidade.","breadcrumb":{"@id":"https:\/\/www.mpvc.pt\/fr\/fenetres-pvc\/sistema-batente-s9000\/#breadcrumb"},"inLanguage":"fr-FR","potentialAction":[{"@type":"ReadAction","target":["https:\/\/www.mpvc.pt\/fr\/fenetres-pvc\/sistema-batente-s9000\/"]}]},{"@type":"BreadcrumbList","@id":"https:\/\/www.mpvc.pt\/fr\/fenetres-pvc\/sistema-batente-s9000\/#breadcrumb","itemListElement":[{"@type":"ListItem","position":1,"name":"In\u00edcio","item":"https:\/\/www.mpvc.pt\/fr\/"},{"@type":"ListItem","position":2,"name":"FEN\u00caTRES PVC","item":"https:\/\/www.mpvc.pt\/fr\/fenetres-pvc\/"},{"@type":"ListItem","position":3,"name":"Sistema Batente S9000"}]}]}},"_links":{"self":[{"href":"https:\/\/www.mpvc.pt\/fr\/wp-json\/wp\/v2\/pages\/3455"}],"collection":[{"href":"https:\/\/www.mpvc.pt\/fr\/wp-json\/wp\/v2\/pages"}],"about":[{"href":"https:\/\/www.mpvc.pt\/fr\/wp-json\/wp\/v2\/types\/page"}],"author":[{"embeddable":true,"href":"https:\/\/www.mpvc.pt\/fr\/wp-json\/wp\/v2\/users\/5"}],"replies":[{"embeddable":true,"href":"https:\/\/www.mpvc.pt\/fr\/wp-json\/wp\/v2\/comments?post=3455"}],"version-history":[{"count":4,"href":"https:\/\/www.mpvc.pt\/fr\/wp-json\/wp\/v2\/pages\/3455\/revisions"}],"predecessor-version":[{"id":3670,"href":"https:\/\/www.mpvc.pt\/fr\/wp-json\/wp\/v2\/pages\/3455\/revisions\/3670"}],"up":[{"embeddable":true,"href":"https:\/\/www.mpvc.pt\/fr\/wp-json\/wp\/v2\/pages\/3035"}],"wp:attachment":[{"href":"https:\/\/www.mpvc.pt\/fr\/wp-json\/wp\/v2\/media?parent=3455"}],"curies":[{"name":"wp","href":"https:\/\/api.w.org\/{rel}","templated":true}]}}